{"id":25125,"date":"2026-04-20T09:25:25","date_gmt":"2026-04-20T08:25:25","guid":{"rendered":"https:\/\/vinothek-schmidli.ch\/?product=ensaios-extremes-touriga-francesa-doc-2020"},"modified":"2026-04-20T09:25:29","modified_gmt":"2026-04-20T08:25:29","slug":"ensaios-extremes-touriga-francesa-doc-2020","status":"publish","type":"product","link":"https:\/\/vinothek-schmidli.ch\/?product=ensaios-extremes-touriga-francesa-doc-2020","title":{"rendered":"Ensaios Extremes Touriga Francesa DOC 2020"},"content":{"rendered":"<table class=\"vino-product-specs\">\n<tbody>\n<tr>\n<th>Produzent<\/th>\n<td>Quinta da Extrema<\/td>\n<\/tr>\n<tr>\n<th>Land<\/th>\n<td>Portugal<\/td>\n<\/tr>\n<tr>\n<th>Region<\/th>\n<td>Douro<\/td>\n<\/tr>\n<tr>\n<th>Trauben<\/th>\n<td>Touriga Francesa<\/td>\n<\/tr>\n<tr>\n<th>Inhalt<\/th>\n<td>75cl<\/td>\n<\/tr>\n<tr>\n<th>Jahrgang<\/th>\n<td>2020<\/td>\n<\/tr>\n<tr>\n<th>Volumen<\/th>\n<td>14.50<\/td>\n<\/tr>\n<tr class=\"vino-product-specs-desc\">\n<td colspan=\"2\">Tiefe Farbe, Aroma von schwarzen Fr\u00fcchten, Pflaume mit einem Hauch von<br \/>\nMarmelade. Im Mund hat er eine feste S\u00e4ure, saftig mit Vanille und Gew\u00fcrz Noten, Waldfrucht, polierte geschmeidig Tannine gute Breite langer Abgang.<br \/>\nReifung in franz\u00f6sischen Eichenf\u00e4ssern f\u00fcr 24 Monate.<br \/>\n4855 Flaschen Produktion<\/td>\n<\/tr>\n<\/tbody>\n<\/table>\n","protected":false},"excerpt":{"rendered":"<p>Produzent Quinta da Extrema Land Portugal Region Douro Trauben Touriga Francesa Inhalt 75cl Jahrgang 2020 Volumen 14.50 Tiefe Farbe, Aroma von schwarzen Fr\u00fcchten, Pflaume mit einem Hauch von Marmelade. Im Mund hat er eine feste S\u00e4ure, saftig mit Vanille und Gew\u00fcrz Noten, Waldfrucht, polierte geschmeidig [&hellip;]<\/p>\n","protected":false},"featured_media":24462,"template":"","meta":[],"product_brand":[1370],"product_cat":[1003,976,963],"product_tag":[],"class_list":{"0":"post-25125","1":"product","2":"type-product","3":"status-publish","4":"has-post-thumbnail","6":"product_brand-quinta-da-extrema","7":"product_cat-douro","8":"product_cat-portugal","9":"product_cat-rotwein","11":"first","12":"instock","13":"purchasable","14":"product-type-simple"},"_links":{"self":[{"href":"https:\/\/vinothek-schmidli.ch\/index.php?rest_route=\/wp\/v2\/product\/25125","targetHints":{"allow":["GET"]}}],"collection":[{"href":"https:\/\/vinothek-schmidli.ch\/index.php?rest_route=\/wp\/v2\/product"}],"about":[{"href":"https:\/\/vinothek-schmidli.ch\/index.php?rest_route=\/wp\/v2\/types\/product"}],"wp:featuredmedia":[{"embeddable":true,"href":"https:\/\/vinothek-schmidli.ch\/index.php?rest_route=\/wp\/v2\/media\/24462"}],"wp:attachment":[{"href":"https:\/\/vinothek-schmidli.ch\/index.php?rest_route=%2Fwp%2Fv2%2Fmedia&parent=25125"}],"wp:term":[{"taxonomy":"product_brand","embeddable":true,"href":"https:\/\/vinothek-schmidli.ch\/index.php?rest_route=%2Fwp%2Fv2%2Fproduct_brand&post=25125"},{"taxonomy":"product_cat","embeddable":true,"href":"https:\/\/vinothek-schmidli.ch\/index.php?rest_route=%2Fwp%2Fv2%2Fproduct_cat&post=25125"},{"taxonomy":"product_tag","embeddable":true,"href":"https:\/\/vinothek-schmidli.ch\/index.php?rest_route=%2Fwp%2Fv2%2Fproduct_tag&post=25125"}],"curies":[{"name":"wp","href":"https:\/\/api.w.org\/{rel}","templated":true}]}}